









{"version":"1.0","provider_name":"Peoplesphere","provider_url":"https:\/\/peoplesphere.be\/fr","title":"R\u00e9forme des retraites : le rachat des p\u00e9riodes d'\u00e9tudes bient\u00f4t accessible \u00e0 tous. - Peoplesphere","type":"rich","width":600,"height":338,"html":"<blockquote class=\"wp-embedded-content\" data-secret=\"clpf7G91FF\"><a href=\"https:\/\/peoplesphere.be\/fr\/reforme-retraites-rachat-periodes-detudes-bientot-accessible-a\/\">R\u00e9forme des retraites : le rachat des p\u00e9riodes d&rsquo;\u00e9tudes bient\u00f4t accessible \u00e0 tous.<\/a><\/blockquote><iframe sandbox=\"allow-scripts\" security=\"restricted\" src=\"https:\/\/peoplesphere.be\/fr\/reforme-retraites-rachat-periodes-detudes-bientot-accessible-a\/embed\/#?secret=clpf7G91FF\" width=\"600\" height=\"338\" title=\"\u00ab\u00a0R\u00e9forme des retraites : le rachat des p\u00e9riodes d&rsquo;\u00e9tudes bient\u00f4t accessible \u00e0 tous.\u00a0\u00bb &#8212; Peoplesphere\" data-secret=\"clpf7G91FF\" frameborder=\"0\" marginwidth=\"0\" marginheight=\"0\" scrolling=\"no\" class=\"wp-embedded-content\"><\/iframe><script type=\"text\/javascript\">\n\/*! This file is auto-generated *\/\n!function(c,d){\"use strict\";var e=!1,o=!1;if(d.querySelector)if(c.addEventListener)e=!0;if(c.wp=c.wp||{},c.wp.receiveEmbedMessage);else if(c.wp.receiveEmbedMessage=function(e){var t=e.data;if(!t);else if(!(t.secret||t.message||t.value));else if(\/[^a-zA-Z0-9]\/.test(t.secret));else{for(var r,s,a,i=d.querySelectorAll('iframe[data-secret=\"'+t.secret+'\"]'),n=d.querySelectorAll('blockquote[data-secret=\"'+t.secret+'\"]'),o=new RegExp(\"^https?:$\",\"i\"),l=0;l<n.length;l++)n[l].style.display=\"none\";for(l=0;l<i.length;l++)if(r=i[l],e.source!==r.contentWindow);else{if(r.removeAttribute(\"style\"),\"height\"===t.message){if(1e3<(s=parseInt(t.value,10)))s=1e3;else if(~~s<200)s=200;r.height=s}if(\"link\"===t.message)if(s=d.createElement(\"a\"),a=d.createElement(\"a\"),s.href=r.getAttribute(\"src\"),a.href=t.value,!o.test(a.protocol));else if(a.host===s.host)if(d.activeElement===r)c.top.location.href=t.value}}},e)c.addEventListener(\"message\",c.wp.receiveEmbedMessage,!1),d.addEventListener(\"DOMContentLoaded\",t,!1),c.addEventListener(\"load\",t,!1);function t(){if(o);else{o=!0;for(var e,t,r,s=-1!==navigator.appVersion.indexOf(\"MSIE 10\"),a=!!navigator.userAgent.match(\/Trident.*rv:11\\.\/),i=d.querySelectorAll(\"iframe.wp-embedded-content\"),n=0;n<i.length;n++){if(!(r=(t=i[n]).getAttribute(\"data-secret\")))r=Math.random().toString(36).substr(2,10),t.src+=\"#?secret=\"+r,t.setAttribute(\"data-secret\",r);if(s||a)(e=t.cloneNode(!0)).removeAttribute(\"security\"),t.parentNode.replaceChild(e,t);t.contentWindow.postMessage({message:\"ready\",secret:r},\"*\")}}}}(window,document);\n<\/script>\n","description":"Selon la l\u00e9gislation actuelle, le rachat des p\u00e9riodes d\u2019\u00e9tudes dans le cadre de la pension de retraite est possible dans les r\u00e9gimes salari\u00e9 et ind\u00e9pendant, mais avec des modalit\u00e9s diff\u00e9rentes. En revanche, les fonctionnaires b\u00e9n\u00e9ficient de la gratuit\u00e9 des bonifications [&hellip;]","thumbnail_url":"http:\/\/www.peoplesphere.be\/fr\/wp-content\/uploads\/2016\/07\/facebook-default-posting-1200x628px.jpg"}